{"id":1575,"date":"2021-11-04T11:59:27","date_gmt":"2021-11-04T09:59:27","guid":{"rendered":"https:\/\/marinastavoren.xdialogue-demo.nl\/winterlagerung-in-der-marina-stavoren\/"},"modified":"2025-12-16T10:43:26","modified_gmt":"2025-12-16T08:43:26","slug":"winterlagerung-in-der-marina-stavoren","status":"publish","type":"page","link":"https:\/\/www.marinastavoren.nl\/de\/winterlagerung-in-der-marina-stavoren\/","title":{"rendered":"Winterlagerung in der Marina Stavoren"},"content":{"rendered":"<div class=\"wpb-content-wrapper\">[vc_row][vc_column width=&#8220;1\/2&#8243;][vc_single_image image=&#8220;985&#8243; img_size=&#8220;full&#8220; style=&#8220;vc_box_rounded&#8220;][\/vc_column][vc_column width=&#8220;1\/2&#8243; css=&#8220;.vc_custom_1636023827754{padding-top: 20px !important;}&#8220;][vc_column_text css=&#8220;.vc_custom_1667564706564{padding-top: 0px !important;padding-right: 10px !important;padding-bottom: 10px !important;padding-left: 10px !important;}&#8220;]\n<h2>Winterlagerung in der Marina Stavoren<\/h2>\n<p>Der Jachthafen der Marina Stavoren hat eine Gesamtfl\u00e4che von \u00fcber 3.550 m\u00b2 an \u00fcberdachtem Winterlager. Dieses \u00fcberdachte Winterlager besteht aus einer 1.400 m\u00b2 gro\u00dfen, beheizten Halle und einer 2.150 m\u00b2 gro\u00dfen, isolierten Halle. Zudem hat die Marina Stavoren 17.000 m\u00b2 Stellgel\u00e4nde und ein ger\u00e4umiges Lager f\u00fcr Masten. Unsere Mitarbeiter transportieren auch gr\u00f6\u00dfere Schiffe m\u00fchelos zu ihrem Bestimmungsplatz, da sie hierf\u00fcr einen Schiffshebekran mit einer Hebekapazit\u00e4t bis zu 50 Tonnen und Transportmittel mit einer Kapazit\u00e4t bis zu 70 Tonnen einsetzen k\u00f6nnen.[\/vc_column_text][vc_column_text css=&#8220;.vc_custom_1751456821418{padding-top: 0px !important;padding-right: 10px !important;padding-bottom: 10px !important;padding-left: 10px !important;}&#8220;]<a class=\"btn btn-secundary\" href=\"\/wp-content\/uploads\/2025\/07\/A-Prijslijst-WB_MS_MSB-2025-2026-DU-DEF.pdf\" target=\"_blank\" rel=\"noopener\">Preisliste herunterladen<\/a>[\/vc_column_text][vc_column_text css=&#8220;.vc_custom_1751456855401{padding-top: 0px !important;padding-right: 10px !important;padding-bottom: 10px !important;padding-left: 10px !important;}&#8220;]<a class=\"btn btn-secundary\" href=\"https:\/\/www.marinastavoren.nl\/wp-content\/uploads\/2025\/07\/C-Winterbergingsovereenkomst-MS_MSB-DU-2025-2026-DEF.pdf\" target=\"_blank\" rel=\"noopener\">Mietvertrag Winterlager herunterladen<\/a>[\/vc_column_text][\/vc_column][vc_column][vc_empty_space height=&#8220;84px&#8220;][vc_row_inner][vc_column_inner width=&#8220;1\/2&#8243;][vc_column_text css=&#8220;.vc_custom_1751456865279{padding-top: 10px !important;}&#8220;]\n<h2>Yachtservice w\u00e4hrend der Winterlagerung<\/h2>\n<p>Winterlagerung bedeutet in der Marina Stavoren mehr als ein Boot nur an Land zu setzen und es im Fr\u00fchjahr wieder zu Wasser zu lassen. Wir nutzen die Winterzeit gerne, um Ihr Boot wieder in perfekten Zustand f\u00fcr die kommende Wassersportsaison zu bringen. Qualit\u00e4t steht bei uns zentral. Die Monteure der Marina Stavoren, die Wartungsarbeiten an Ihrem Boot durchf\u00fchren, sind erfahrene Fachkr\u00e4fte, die auch \u00fcber moderne Arbeitsger\u00e4te verf\u00fcgen. Der Monteur, der Ihr Schiff inklusive Sanit\u00e4ranlage und Motor winterfertig macht, arbeitet mit einer Checkliste. Auf dieser sind sowohl die Standard-Wartungsarbeiten als auch spezielle Wartungsarbeiten, die Sie uns gemeldet haben, vermerkt. Ihr Schiff wird damit gr\u00fcndlich kontrolliert.[\/vc_column_text][\/vc_column_inner][vc_column_inner width=&#8220;1\/2&#8243;][vc_single_image image=&#8220;987&#8243; img_size=&#8220;full&#8220; alignment=&#8220;right&#8220; style=&#8220;vc_box_rounded&#8220;][\/vc_column_inner][\/vc_row_inner][\/vc_column][\/vc_row][vc_row][vc_column][vc_empty_space height=&#8220;84px&#8220;][\/vc_column][vc_column width=&#8220;1\/2&#8243;][vc_single_image image=&#8220;989&#8243; img_size=&#8220;full&#8220; style=&#8220;vc_box_rounded&#8220;][\/vc_column][vc_column width=&#8220;1\/2&#8243;][vc_column_text css=&#8220;.vc_custom_1669107117514{padding-top: 0px !important;padding-right: 10px !important;padding-bottom: 10px !important;padding-left: 10px !important;}&#8220;]\n<h2>Pr\u00fcfung und Zertifizierung<\/h2>\n<p>Es ist sehr wichtig, dass Sie regelm\u00e4\u00dfig Ihre Rettungswesten, Rettungsinseln und Feuerl\u00f6scher \u00fcberpr\u00fcfen lassen. Im Schnitt ist das alle drei Jahre notwendig. Selbstverst\u00e4ndlich k\u00f6nnen wir auch das f\u00fcr Sie \u00fcbernehmen. Wir arbeiten hierf\u00fcr mit zertifizierten Pr\u00fcfstellen zusammen. Hierdurch bekommen Sie garantiert eine fachgerechte Pr\u00fcfung Ihres Materials.<\/p>\n<p>Wenn Sie Ihre Sicherheitsausr\u00fcstung, deren Pr\u00fcfung f\u00e4llig ist, am Ende einer Fahrsaison bei uns abgeben, sorgen wir daf\u00fcr, dass Ihre Sicherheitsausr\u00fcstung im Fr\u00fchjahr gepr\u00fcft wieder zu Ihrer Verf\u00fcgung steht, rechtzeitig zu Beginn der neuen Fahrsaison.<\/p>\n<p>Also: Ist Ihre Rettungsinsel, Ihre Schwimmweste oder Ihr Feuerl\u00f6scher pr\u00fcfungsreif? Einfach bei uns abgeben. Wir k\u00fcmmern uns um den Rest.[\/vc_column_text][\/vc_column][\/vc_row][vc_row][vc_column][vc_empty_space height=&#8220;84px&#8220;][\/vc_column][vc_column width=&#8220;1\/2&#8243;][vc_single_image image=&#8220;991&#8243; img_size=&#8220;full&#8220; style=&#8220;vc_box_rounded&#8220;][\/vc_column][vc_column width=&#8220;1\/2&#8243;][vc_column_text css=&#8220;.vc_custom_1765874744803{padding-top: 0px !important;padding-right: 10px !important;padding-bottom: 10px !important;padding-left: 10px !important;}&#8220;]\n<h2>\u00d6ffnungszeiten Hallen<\/h2>\n<ul>\n<li>November 2025 bis einschl. 13. M\u00e4rz 2026: An Werktagen von 08.00 Uhr bis 16.00 Uhr ge\u00f6ffnet.<\/li>\n<li>Ab dem 14. M\u00e4rz 2026: Montag bis einschl. Sonntag ge\u00f6ffnet von 08.00 Uhr bis 16.00 Uhr.<\/li>\n<li><u>Von Samstag, den 20. Dezember 2025 bis einschl. Sonntag, den 4. Januar 2026 geschlossen.<\/u><\/li>\n<\/ul>\n[\/vc_column_text][\/vc_column][\/vc_row][vc_row][vc_column width=&#8220;1\/2&#8243;][vc_cta h2=&#8220;&#8220; h4=&#8220;Preisliste Winterlagerung&#8220; txt_align=&#8220;center&#8220; add_button=&#8220;bottom&#8220; btn_title=&#8220;Download&#8220; btn_style=&#8220;outline-custom&#8220; btn_outline_custom_color=&#8220;#201f72&#8243; btn_outline_custom_hover_background=&#8220;#ff5500&#8243; btn_outline_custom_hover_text=&#8220;#ffffff&#8220; btn_align=&#8220;center&#8220; btn_i_icon_fontawesome=&#8220;fas fa-download&#8220; btn_add_icon=&#8220;true&#8220; btn_link=&#8220;url:%2Fwp-content%2Fuploads%2F2025%2F07%2FA-Prijslijst-WB_MS_MSB-2025-2026-DU-DEF.pdf|target:_blank&#8220;][\/vc_cta][\/vc_column][vc_column width=&#8220;1\/2&#8243;][vc_cta h2=&#8220;&#8220; h4=&#8220;Mietvertrag Winterlager&#8220; txt_align=&#8220;center&#8220; add_button=&#8220;bottom&#8220; btn_title=&#8220;Download&#8220; btn_style=&#8220;outline-custom&#8220; btn_outline_custom_color=&#8220;#201f72&#8243; btn_outline_custom_hover_background=&#8220;#ff5500&#8243; btn_outline_custom_hover_text=&#8220;#ffffff&#8220; btn_align=&#8220;center&#8220; btn_i_icon_fontawesome=&#8220;fas fa-download&#8220; css=&#8220;&#8220; btn_add_icon=&#8220;true&#8220; btn_link=&#8220;url:%2Fwp-content%2Fuploads%2F2025%2F07%2FC-Winterbergingsovereenkomst-MS_MSB-DU-2025-2026-DEF.pdf|target:_blank&#8220;][\/vc_cta][\/vc_column][\/vc_row][vc_row][vc_column][vc_column_text][vc_cta_button call_text=&#8220;Reservieren Sie direkt oder rufen Sie uns an, wenn Sie mehr Information w\u00fcnschen.&#8220; title=&#8220;Hinterlassen Sie hier Ihre Kontaktdaten&#8220; size=&#8220;btn-large&#8220; position=&#8220;cta_align_bottom&#8220; href=&#8220;\/de\/formular-zur-winterlagerung\/&#8220;][\/vc_column_text][\/vc_column][\/vc_row]\n<\/div>","protected":false},"excerpt":{"rendered":"<p>[vc_row][vc_column width=&#8220;1\/2&#8243;][vc_single_image image=&#8220;985&#8243; img_size=&#8220;full&#8220; style=&#8220;vc_box_rounded&#8220;][\/vc_column][vc_column width=&#8220;1\/2&#8243; css=&#8220;.vc_custom_1636023827754{padding-top: 20px !important;}&#8220;][vc_column_text css=&#8220;.vc_custom_1667564706564{padding-top: 0px !important;padding-right: 10px !important;padding-bottom: 10px !important;padding-left: 10px !important;}&#8220;] Winterlagerung in [&hellip;]<\/p>\n","protected":false},"author":1,"featured_media":0,"parent":0,"menu_order":0,"comment_status":"closed","ping_status":"closed","template":"","meta":{"footnotes":""},"class_list":["post-1575","page","type-page","status-publish","hentry"],"yoast_head":"<!-- This site is optimized with the Yoast SEO plugin v27.4 - https:\/\/yoast.com\/product\/yoast-seo-wordpress\/ -->\n<title>Winterlagerung in der Marina Stavoren | MarinaStavoren.nl<\/title>\n<meta name=\"description\" content=\"Lassen Sie Ihr Schiff sicher und gesch\u00fctzt \u00fcberwintern einer unserer Hallen oder auf dem Stellgel\u00e4nde.\" \/>\n<meta name=\"robots\" content=\"index, follow, max-snippet:-1, max-image-preview:large, max-video-preview:-1\" \/>\n<link rel=\"canonical\" href=\"https:\/\/www.marinastavoren.nl\/de\/winterlagerung-in-der-marina-stavoren\/\" \/>\n<meta property=\"og:locale\" content=\"de_DE\" \/>\n<meta property=\"og:type\" content=\"article\" \/>\n<meta property=\"og:title\" content=\"Winterlagerung in der Marina Stavoren | MarinaStavoren.nl\" \/>\n<meta property=\"og:description\" content=\"Lassen Sie Ihr Schiff sicher und gesch\u00fctzt \u00fcberwintern einer unserer Hallen oder auf dem Stellgel\u00e4nde.\" \/>\n<meta property=\"og:url\" content=\"https:\/\/www.marinastavoren.nl\/de\/winterlagerung-in-der-marina-stavoren\/\" \/>\n<meta property=\"og:site_name\" content=\"Marina Stavoren\" \/>\n<meta property=\"article:publisher\" content=\"https:\/\/www.facebook.com\/marina.stavoren\" \/>\n<meta property=\"article:modified_time\" content=\"2025-12-16T08:43:26+00:00\" \/>\n<meta name=\"twitter:card\" content=\"summary_large_image\" \/>\n<meta name=\"twitter:label1\" content=\"Gesch\u00e4tzte Lesezeit\" \/>\n\t<meta name=\"twitter:data1\" content=\"4\u00a0Minuten\" \/>\n<script type=\"application\/ld+json\" class=\"yoast-schema-graph\">{\"@context\":\"https:\\\/\\\/schema.org\",\"@graph\":[{\"@type\":\"WebPage\",\"@id\":\"https:\\\/\\\/www.marinastavoren.nl\\\/de\\\/winterlagerung-in-der-marina-stavoren\\\/\",\"url\":\"https:\\\/\\\/www.marinastavoren.nl\\\/de\\\/winterlagerung-in-der-marina-stavoren\\\/\",\"name\":\"Winterlagerung in der Marina Stavoren | MarinaStavoren.nl\",\"isPartOf\":{\"@id\":\"https:\\\/\\\/www.marinastavoren.nl\\\/de\\\/#website\"},\"datePublished\":\"2021-11-04T09:59:27+00:00\",\"dateModified\":\"2025-12-16T08:43:26+00:00\",\"description\":\"Lassen Sie Ihr Schiff sicher und gesch\u00fctzt \u00fcberwintern einer unserer Hallen oder auf dem Stellgel\u00e4nde.\",\"breadcrumb\":{\"@id\":\"https:\\\/\\\/www.marinastavoren.nl\\\/de\\\/winterlagerung-in-der-marina-stavoren\\\/#breadcrumb\"},\"inLanguage\":\"de\",\"potentialAction\":[{\"@type\":\"ReadAction\",\"target\":[\"https:\\\/\\\/www.marinastavoren.nl\\\/de\\\/winterlagerung-in-der-marina-stavoren\\\/\"]}]},{\"@type\":\"BreadcrumbList\",\"@id\":\"https:\\\/\\\/www.marinastavoren.nl\\\/de\\\/winterlagerung-in-der-marina-stavoren\\\/#breadcrumb\",\"itemListElement\":[{\"@type\":\"ListItem\",\"position\":1,\"name\":\"Home\",\"item\":\"https:\\\/\\\/www.marinastavoren.nl\\\/de\\\/\"},{\"@type\":\"ListItem\",\"position\":2,\"name\":\"Winterlagerung in der Marina Stavoren\"}]},{\"@type\":\"WebSite\",\"@id\":\"https:\\\/\\\/www.marinastavoren.nl\\\/de\\\/#website\",\"url\":\"https:\\\/\\\/www.marinastavoren.nl\\\/de\\\/\",\"name\":\"Marina Stavoren\",\"description\":\"Willkommen im Ferienpark der Marina Stavoren\",\"publisher\":{\"@id\":\"https:\\\/\\\/www.marinastavoren.nl\\\/de\\\/#organization\"},\"potentialAction\":[{\"@type\":\"SearchAction\",\"target\":{\"@type\":\"EntryPoint\",\"urlTemplate\":\"https:\\\/\\\/www.marinastavoren.nl\\\/de\\\/?s={search_term_string}\"},\"query-input\":{\"@type\":\"PropertyValueSpecification\",\"valueRequired\":true,\"valueName\":\"search_term_string\"}}],\"inLanguage\":\"de\"},{\"@type\":\"Organization\",\"@id\":\"https:\\\/\\\/www.marinastavoren.nl\\\/de\\\/#organization\",\"name\":\"Marina Stavoren\",\"url\":\"https:\\\/\\\/www.marinastavoren.nl\\\/de\\\/\",\"logo\":{\"@type\":\"ImageObject\",\"inLanguage\":\"de\",\"@id\":\"https:\\\/\\\/www.marinastavoren.nl\\\/de\\\/#\\\/schema\\\/logo\\\/image\\\/\",\"url\":\"https:\\\/\\\/www.marinastavoren.nl\\\/wp-content\\\/uploads\\\/2022\\\/12\\\/logo-marina-stavoren-sticky.png\",\"contentUrl\":\"https:\\\/\\\/www.marinastavoren.nl\\\/wp-content\\\/uploads\\\/2022\\\/12\\\/logo-marina-stavoren-sticky.png\",\"width\":277,\"height\":60,\"caption\":\"Marina Stavoren\"},\"image\":{\"@id\":\"https:\\\/\\\/www.marinastavoren.nl\\\/de\\\/#\\\/schema\\\/logo\\\/image\\\/\"},\"sameAs\":[\"https:\\\/\\\/www.facebook.com\\\/marina.stavoren\",\"https:\\\/\\\/www.instagram.com\\\/marinastavoren\\\/\"]}]}<\/script>\n<!-- \/ Yoast SEO plugin. -->","yoast_head_json":{"title":"Winterlagerung in der Marina Stavoren | MarinaStavoren.nl","description":"Lassen Sie Ihr Schiff sicher und gesch\u00fctzt \u00fcberwintern einer unserer Hallen oder auf dem Stellgel\u00e4nde.","robots":{"index":"index","follow":"follow","max-snippet":"max-snippet:-1","max-image-preview":"max-image-preview:large","max-video-preview":"max-video-preview:-1"},"canonical":"https:\/\/www.marinastavoren.nl\/de\/winterlagerung-in-der-marina-stavoren\/","og_locale":"de_DE","og_type":"article","og_title":"Winterlagerung in der Marina Stavoren | MarinaStavoren.nl","og_description":"Lassen Sie Ihr Schiff sicher und gesch\u00fctzt \u00fcberwintern einer unserer Hallen oder auf dem Stellgel\u00e4nde.","og_url":"https:\/\/www.marinastavoren.nl\/de\/winterlagerung-in-der-marina-stavoren\/","og_site_name":"Marina Stavoren","article_publisher":"https:\/\/www.facebook.com\/marina.stavoren","article_modified_time":"2025-12-16T08:43:26+00:00","twitter_card":"summary_large_image","twitter_misc":{"Gesch\u00e4tzte Lesezeit":"4\u00a0Minuten"},"schema":{"@context":"https:\/\/schema.org","@graph":[{"@type":"WebPage","@id":"https:\/\/www.marinastavoren.nl\/de\/winterlagerung-in-der-marina-stavoren\/","url":"https:\/\/www.marinastavoren.nl\/de\/winterlagerung-in-der-marina-stavoren\/","name":"Winterlagerung in der Marina Stavoren | MarinaStavoren.nl","isPartOf":{"@id":"https:\/\/www.marinastavoren.nl\/de\/#website"},"datePublished":"2021-11-04T09:59:27+00:00","dateModified":"2025-12-16T08:43:26+00:00","description":"Lassen Sie Ihr Schiff sicher und gesch\u00fctzt \u00fcberwintern einer unserer Hallen oder auf dem Stellgel\u00e4nde.","breadcrumb":{"@id":"https:\/\/www.marinastavoren.nl\/de\/winterlagerung-in-der-marina-stavoren\/#breadcrumb"},"inLanguage":"de","potentialAction":[{"@type":"ReadAction","target":["https:\/\/www.marinastavoren.nl\/de\/winterlagerung-in-der-marina-stavoren\/"]}]},{"@type":"BreadcrumbList","@id":"https:\/\/www.marinastavoren.nl\/de\/winterlagerung-in-der-marina-stavoren\/#breadcrumb","itemListElement":[{"@type":"ListItem","position":1,"name":"Home","item":"https:\/\/www.marinastavoren.nl\/de\/"},{"@type":"ListItem","position":2,"name":"Winterlagerung in der Marina Stavoren"}]},{"@type":"WebSite","@id":"https:\/\/www.marinastavoren.nl\/de\/#website","url":"https:\/\/www.marinastavoren.nl\/de\/","name":"Marina Stavoren","description":"Willkommen im Ferienpark der Marina Stavoren","publisher":{"@id":"https:\/\/www.marinastavoren.nl\/de\/#organization"},"potentialAction":[{"@type":"SearchAction","target":{"@type":"EntryPoint","urlTemplate":"https:\/\/www.marinastavoren.nl\/de\/?s={search_term_string}"},"query-input":{"@type":"PropertyValueSpecification","valueRequired":true,"valueName":"search_term_string"}}],"inLanguage":"de"},{"@type":"Organization","@id":"https:\/\/www.marinastavoren.nl\/de\/#organization","name":"Marina Stavoren","url":"https:\/\/www.marinastavoren.nl\/de\/","logo":{"@type":"ImageObject","inLanguage":"de","@id":"https:\/\/www.marinastavoren.nl\/de\/#\/schema\/logo\/image\/","url":"https:\/\/www.marinastavoren.nl\/wp-content\/uploads\/2022\/12\/logo-marina-stavoren-sticky.png","contentUrl":"https:\/\/www.marinastavoren.nl\/wp-content\/uploads\/2022\/12\/logo-marina-stavoren-sticky.png","width":277,"height":60,"caption":"Marina Stavoren"},"image":{"@id":"https:\/\/www.marinastavoren.nl\/de\/#\/schema\/logo\/image\/"},"sameAs":["https:\/\/www.facebook.com\/marina.stavoren","https:\/\/www.instagram.com\/marinastavoren\/"]}]}},"_links":{"self":[{"href":"https:\/\/www.marinastavoren.nl\/de\/wp-json\/wp\/v2\/pages\/1575","targetHints":{"allow":["GET"]}}],"collection":[{"href":"https:\/\/www.marinastavoren.nl\/de\/wp-json\/wp\/v2\/pages"}],"about":[{"href":"https:\/\/www.marinastavoren.nl\/de\/wp-json\/wp\/v2\/types\/page"}],"author":[{"embeddable":true,"href":"https:\/\/www.marinastavoren.nl\/de\/wp-json\/wp\/v2\/users\/1"}],"replies":[{"embeddable":true,"href":"https:\/\/www.marinastavoren.nl\/de\/wp-json\/wp\/v2\/comments?post=1575"}],"version-history":[{"count":17,"href":"https:\/\/www.marinastavoren.nl\/de\/wp-json\/wp\/v2\/pages\/1575\/revisions"}],"predecessor-version":[{"id":31906,"href":"https:\/\/www.marinastavoren.nl\/de\/wp-json\/wp\/v2\/pages\/1575\/revisions\/31906"}],"wp:attachment":[{"href":"https:\/\/www.marinastavoren.nl\/de\/wp-json\/wp\/v2\/media?parent=1575"}],"curies":[{"name":"wp","href":"https:\/\/api.w.org\/{rel}","templated":true}]}}