{"id":1227,"date":"2021-12-21T14:17:45","date_gmt":"2021-12-21T12:17:45","guid":{"rendered":"https:\/\/marinastavoren.xdialogue-demo.nl\/camping-sudermeer\/ruime-camperplaatsen\/"},"modified":"2026-02-06T12:55:50","modified_gmt":"2026-02-06T10:55:50","slug":"wohnmobil-stellplaetze","status":"publish","type":"page","link":"https:\/\/www.marinastavoren.nl\/de\/camping-sudermeer\/wohnmobil-stellplaetze\/","title":{"rendered":"Wohnmobil-Stellpl\u00e4tze"},"content":{"rendered":"<div class=\"wpb-content-wrapper\">[vc_row][vc_column width=&#8220;1\/2&#8243;][vc_column_text css=&#8220;&#8220;]\n<h1>Wohnmobil-Stellpl\u00e4tze beim Au\u00dfenhafen<\/h1>\n<p>Neben dem \u201aCampingplatz S\u00fadermeer\u2018 haben wir auch Stellpl\u00e4tze f\u00fcr Wohnmobile. Diese Pl\u00e4tze liegen au\u00dferhalb des Deiches an einer sehr sch\u00f6nen Stelle, n\u00e4mlich beim Marina Stavoren Buitenhaven und gegen\u00fcber des Strandpavillons \u201aDe Potvis\u2018. Das St\u00e4dtchen Stavoren, \u00e4ltestes der Elfst\u00e4dte-Mitglieder und zugleich Hansestadt, liegt von hier aus auf Laufabstand.<\/p>\n<p>Wir haben jedes Jahr vom 1. April bis zum 31. Oktober ge\u00f6ffnet.[\/vc_column_text][\/vc_column][vc_column width=&#8220;1\/2&#8243;][vc_single_image image=&#8220;1136&#8243; img_size=&#8220;full&#8220; css=&#8220;.vc_custom_1640089217866{padding-top: 15px !important;}&#8220;][\/vc_column][\/vc_row][vc_row css=&#8220;.vc_custom_1465391388995{margin-top: 40px !important;padding-right: 10px !important;padding-bottom: 30px !important;padding-left: 10px !important;background-color: #ebeef3 !important;}&#8220;][vc_column width=&#8220;1\/3&#8243;][vc_single_image image=&#8220;1138&#8243; img_size=&#8220;full&#8220; css=&#8220;.vc_custom_1640089476785{padding-top: 15px !important;}&#8220;][\/vc_column][vc_column width=&#8220;2\/3&#8243;][vc_column_text]\n<h1>Einrichtungen:<\/h1>\n<ul>\n<li>Gratis WI-FI<\/li>\n<li>Gratis Benutzung Sanit\u00e4reinrichtungen<\/li>\n<li>Stromanschluss<\/li>\n<li>Croissanterie<\/li>\n<li>Wassersportgesch\u00e4ft mit kleiner Supermarktabteilung<\/li>\n<li>Spielwiese und Strand<\/li>\n<li>Hallenbad bei der Marina Stavoren (gratis Eintritt)<\/li>\n<li>Kleiner Fitnessraum bei der Marina Stavoren<\/li>\n<li>Spielraum (\u00fcberdeckt) bei der Marina Stavoren<\/li>\n<\/ul>\n[\/vc_column_text][\/vc_column][\/vc_row][vc_row css=&#8220;.vc_custom_1446035548470{margin-top: 60px !important;padding-top: 0px !important;padding-right: 0px !important;padding-bottom: 0px !important;padding-left: 0px !important;}&#8220;][vc_column width=&#8220;1\/3&#8243; css=&#8220;.vc_custom_1446035501897{padding-top: 10px !important;padding-bottom: 30px !important;}&#8220;][vc_cta h2=&#8220;&#8220; h4=&#8220;Preisliste&#8220; txt_align=&#8220;center&#8220; add_button=&#8220;bottom&#8220; btn_title=&#8220;Downloaden&#8220; btn_style=&#8220;outline-custom&#8220; btn_outline_custom_color=&#8220;#201f72&#8243; btn_outline_custom_hover_background=&#8220;#ff5500&#8243; btn_outline_custom_hover_text=&#8220;#ffffff&#8220; btn_align=&#8220;center&#8220; btn_i_icon_fontawesome=&#8220;fas fa-download&#8220; css=&#8220;.vc_custom_1669204034703{margin-top: 0px !important;}&#8220; btn_add_icon=&#8220;true&#8220; btn_link=&#8220;url:%2Fwp-content%2Fuploads%2F2021%2F12%2FPrijslijst_Sudermeer_NL.pdf|title:Preisliste|target:_blank|&#8220;]Download hier die Preisliste[\/vc_cta][\/vc_column][vc_column width=&#8220;2\/3&#8243;][vc_column_text css=&#8220;&#8220;]<strong>G\u00e4stetarif pro Stellplatz und pro Nacht: \u20ac 22,50<\/strong><\/p>\n<ul>\n<li>Der Preis beinhaltet die Anzahl der Personen, die Nutzung des Sanit\u00e4rgeb\u00e4udes, WIFI und Strom;<\/li>\n<li>\u00a0Die Kurtaxe betr\u00e4gt 2.00 \u20ac p.P.P.N;<\/li>\n<li>Elektrizit\u00e4t je nach Verf\u00fcgbarkeit;<\/li>\n<li><span style=\"font-size: 1.6rem;\">Anmeldung beim Hafenmeister oder beim Strandpavillon De Potvis.<\/span><\/li>\n<\/ul>\n<p>Anmeldung: Beim Hafenmeister oder beim Strandpavillon De Potvis<\/p>\n<p>Vorab reservieren ist <strong>NICHT<\/strong> m\u00f6glich![\/vc_column_text][\/vc_column][\/vc_row]\n<\/div>","protected":false},"excerpt":{"rendered":"<p>[vc_row][vc_column width=&#8220;1\/2&#8243;][vc_column_text css=&#8220;&#8220;] Wohnmobil-Stellpl\u00e4tze beim Au\u00dfenhafen Neben dem \u201aCampingplatz S\u00fadermeer\u2018 haben wir auch Stellpl\u00e4tze f\u00fcr Wohnmobile. Diese Pl\u00e4tze liegen au\u00dferhalb [&hellip;]<\/p>\n","protected":false},"author":1,"featured_media":0,"parent":1140,"menu_order":0,"comment_status":"closed","ping_status":"closed","template":"page-templates\/page-left.php","meta":{"footnotes":""},"class_list":["post-1227","page","type-page","status-publish","hentry"],"yoast_head":"<!-- This site is optimized with the Yoast SEO plugin v27.4 - https:\/\/yoast.com\/product\/yoast-seo-wordpress\/ -->\n<title>Wohnmobil-Stellpl\u00e4tze Camping S\u00fadermeer | MarinaStavoren.nl<\/title>\n<meta name=\"description\" content=\"Neben dem \u201a\u201aCampingplatz S\u00fadermeer\u2018\u2018 haben wir auch Pl\u00e4tze f\u00fcr Wohnmobile. Diese Pl\u00e4tze liegen au\u00dfen vor dem Deich an einer sehr sch\u00f6nen Stelle, beim Au\u00dfenhafen der Marina Stavoren, gegen\u00fcber des Strandpavillons De Potvis\" \/>\n<meta name=\"robots\" content=\"index, follow, max-snippet:-1, max-image-preview:large, max-video-preview:-1\" \/>\n<link rel=\"canonical\" href=\"https:\/\/www.marinastavoren.nl\/de\/camping-sudermeer\/wohnmobil-stellplaetze\/\" \/>\n<meta property=\"og:locale\" content=\"de_DE\" \/>\n<meta property=\"og:type\" content=\"article\" \/>\n<meta property=\"og:title\" content=\"Wohnmobil-Stellpl\u00e4tze Camping S\u00fadermeer | MarinaStavoren.nl\" \/>\n<meta property=\"og:description\" content=\"Neben dem \u201a\u201aCampingplatz S\u00fadermeer\u2018\u2018 haben wir auch Pl\u00e4tze f\u00fcr Wohnmobile. Diese Pl\u00e4tze liegen au\u00dfen vor dem Deich an einer sehr sch\u00f6nen Stelle, beim Au\u00dfenhafen der Marina Stavoren, gegen\u00fcber des Strandpavillons De Potvis\" \/>\n<meta property=\"og:url\" content=\"https:\/\/www.marinastavoren.nl\/de\/camping-sudermeer\/wohnmobil-stellplaetze\/\" \/>\n<meta property=\"og:site_name\" content=\"Marina Stavoren\" \/>\n<meta property=\"article:publisher\" content=\"https:\/\/www.facebook.com\/marina.stavoren\" \/>\n<meta property=\"article:modified_time\" content=\"2026-02-06T10:55:50+00:00\" \/>\n<meta name=\"twitter:card\" content=\"summary_large_image\" \/>\n<meta name=\"twitter:label1\" content=\"Gesch\u00e4tzte Lesezeit\" \/>\n\t<meta name=\"twitter:data1\" content=\"2\u00a0Minuten\" \/>\n<script type=\"application\/ld+json\" class=\"yoast-schema-graph\">{\"@context\":\"https:\\\/\\\/schema.org\",\"@graph\":[{\"@type\":\"WebPage\",\"@id\":\"https:\\\/\\\/www.marinastavoren.nl\\\/de\\\/camping-sudermeer\\\/wohnmobil-stellplaetze\\\/\",\"url\":\"https:\\\/\\\/www.marinastavoren.nl\\\/de\\\/camping-sudermeer\\\/wohnmobil-stellplaetze\\\/\",\"name\":\"Wohnmobil-Stellpl\u00e4tze Camping S\u00fadermeer | MarinaStavoren.nl\",\"isPartOf\":{\"@id\":\"https:\\\/\\\/www.marinastavoren.nl\\\/de\\\/#website\"},\"datePublished\":\"2021-12-21T12:17:45+00:00\",\"dateModified\":\"2026-02-06T10:55:50+00:00\",\"description\":\"Neben dem \u201a\u201aCampingplatz S\u00fadermeer\u2018\u2018 haben wir auch Pl\u00e4tze f\u00fcr Wohnmobile. Diese Pl\u00e4tze liegen au\u00dfen vor dem Deich an einer sehr sch\u00f6nen Stelle, beim Au\u00dfenhafen der Marina Stavoren, gegen\u00fcber des Strandpavillons De Potvis\",\"breadcrumb\":{\"@id\":\"https:\\\/\\\/www.marinastavoren.nl\\\/de\\\/camping-sudermeer\\\/wohnmobil-stellplaetze\\\/#breadcrumb\"},\"inLanguage\":\"de\",\"potentialAction\":[{\"@type\":\"ReadAction\",\"target\":[\"https:\\\/\\\/www.marinastavoren.nl\\\/de\\\/camping-sudermeer\\\/wohnmobil-stellplaetze\\\/\"]}]},{\"@type\":\"BreadcrumbList\",\"@id\":\"https:\\\/\\\/www.marinastavoren.nl\\\/de\\\/camping-sudermeer\\\/wohnmobil-stellplaetze\\\/#breadcrumb\",\"itemListElement\":[{\"@type\":\"ListItem\",\"position\":1,\"name\":\"Home\",\"item\":\"https:\\\/\\\/www.marinastavoren.nl\\\/de\\\/\"},{\"@type\":\"ListItem\",\"position\":2,\"name\":\"Camping S\u00fadermeer\",\"item\":\"https:\\\/\\\/www.marinastavoren.nl\\\/de\\\/camping-sudermeer\\\/\"},{\"@type\":\"ListItem\",\"position\":3,\"name\":\"Wohnmobil-Stellpl\u00e4tze\"}]},{\"@type\":\"WebSite\",\"@id\":\"https:\\\/\\\/www.marinastavoren.nl\\\/de\\\/#website\",\"url\":\"https:\\\/\\\/www.marinastavoren.nl\\\/de\\\/\",\"name\":\"Marina Stavoren\",\"description\":\"Willkommen im Ferienpark der Marina Stavoren\",\"publisher\":{\"@id\":\"https:\\\/\\\/www.marinastavoren.nl\\\/de\\\/#organization\"},\"potentialAction\":[{\"@type\":\"SearchAction\",\"target\":{\"@type\":\"EntryPoint\",\"urlTemplate\":\"https:\\\/\\\/www.marinastavoren.nl\\\/de\\\/?s={search_term_string}\"},\"query-input\":{\"@type\":\"PropertyValueSpecification\",\"valueRequired\":true,\"valueName\":\"search_term_string\"}}],\"inLanguage\":\"de\"},{\"@type\":\"Organization\",\"@id\":\"https:\\\/\\\/www.marinastavoren.nl\\\/de\\\/#organization\",\"name\":\"Marina Stavoren\",\"url\":\"https:\\\/\\\/www.marinastavoren.nl\\\/de\\\/\",\"logo\":{\"@type\":\"ImageObject\",\"inLanguage\":\"de\",\"@id\":\"https:\\\/\\\/www.marinastavoren.nl\\\/de\\\/#\\\/schema\\\/logo\\\/image\\\/\",\"url\":\"https:\\\/\\\/www.marinastavoren.nl\\\/wp-content\\\/uploads\\\/2022\\\/12\\\/logo-marina-stavoren-sticky.png\",\"contentUrl\":\"https:\\\/\\\/www.marinastavoren.nl\\\/wp-content\\\/uploads\\\/2022\\\/12\\\/logo-marina-stavoren-sticky.png\",\"width\":277,\"height\":60,\"caption\":\"Marina Stavoren\"},\"image\":{\"@id\":\"https:\\\/\\\/www.marinastavoren.nl\\\/de\\\/#\\\/schema\\\/logo\\\/image\\\/\"},\"sameAs\":[\"https:\\\/\\\/www.facebook.com\\\/marina.stavoren\",\"https:\\\/\\\/www.instagram.com\\\/marinastavoren\\\/\"]}]}<\/script>\n<!-- \/ Yoast SEO plugin. -->","yoast_head_json":{"title":"Wohnmobil-Stellpl\u00e4tze Camping S\u00fadermeer | MarinaStavoren.nl","description":"Neben dem \u201a\u201aCampingplatz S\u00fadermeer\u2018\u2018 haben wir auch Pl\u00e4tze f\u00fcr Wohnmobile. Diese Pl\u00e4tze liegen au\u00dfen vor dem Deich an einer sehr sch\u00f6nen Stelle, beim Au\u00dfenhafen der Marina Stavoren, gegen\u00fcber des Strandpavillons De Potvis","robots":{"index":"index","follow":"follow","max-snippet":"max-snippet:-1","max-image-preview":"max-image-preview:large","max-video-preview":"max-video-preview:-1"},"canonical":"https:\/\/www.marinastavoren.nl\/de\/camping-sudermeer\/wohnmobil-stellplaetze\/","og_locale":"de_DE","og_type":"article","og_title":"Wohnmobil-Stellpl\u00e4tze Camping S\u00fadermeer | MarinaStavoren.nl","og_description":"Neben dem \u201a\u201aCampingplatz S\u00fadermeer\u2018\u2018 haben wir auch Pl\u00e4tze f\u00fcr Wohnmobile. Diese Pl\u00e4tze liegen au\u00dfen vor dem Deich an einer sehr sch\u00f6nen Stelle, beim Au\u00dfenhafen der Marina Stavoren, gegen\u00fcber des Strandpavillons De Potvis","og_url":"https:\/\/www.marinastavoren.nl\/de\/camping-sudermeer\/wohnmobil-stellplaetze\/","og_site_name":"Marina Stavoren","article_publisher":"https:\/\/www.facebook.com\/marina.stavoren","article_modified_time":"2026-02-06T10:55:50+00:00","twitter_card":"summary_large_image","twitter_misc":{"Gesch\u00e4tzte Lesezeit":"2\u00a0Minuten"},"schema":{"@context":"https:\/\/schema.org","@graph":[{"@type":"WebPage","@id":"https:\/\/www.marinastavoren.nl\/de\/camping-sudermeer\/wohnmobil-stellplaetze\/","url":"https:\/\/www.marinastavoren.nl\/de\/camping-sudermeer\/wohnmobil-stellplaetze\/","name":"Wohnmobil-Stellpl\u00e4tze Camping S\u00fadermeer | MarinaStavoren.nl","isPartOf":{"@id":"https:\/\/www.marinastavoren.nl\/de\/#website"},"datePublished":"2021-12-21T12:17:45+00:00","dateModified":"2026-02-06T10:55:50+00:00","description":"Neben dem \u201a\u201aCampingplatz S\u00fadermeer\u2018\u2018 haben wir auch Pl\u00e4tze f\u00fcr Wohnmobile. Diese Pl\u00e4tze liegen au\u00dfen vor dem Deich an einer sehr sch\u00f6nen Stelle, beim Au\u00dfenhafen der Marina Stavoren, gegen\u00fcber des Strandpavillons De Potvis","breadcrumb":{"@id":"https:\/\/www.marinastavoren.nl\/de\/camping-sudermeer\/wohnmobil-stellplaetze\/#breadcrumb"},"inLanguage":"de","potentialAction":[{"@type":"ReadAction","target":["https:\/\/www.marinastavoren.nl\/de\/camping-sudermeer\/wohnmobil-stellplaetze\/"]}]},{"@type":"BreadcrumbList","@id":"https:\/\/www.marinastavoren.nl\/de\/camping-sudermeer\/wohnmobil-stellplaetze\/#breadcrumb","itemListElement":[{"@type":"ListItem","position":1,"name":"Home","item":"https:\/\/www.marinastavoren.nl\/de\/"},{"@type":"ListItem","position":2,"name":"Camping S\u00fadermeer","item":"https:\/\/www.marinastavoren.nl\/de\/camping-sudermeer\/"},{"@type":"ListItem","position":3,"name":"Wohnmobil-Stellpl\u00e4tze"}]},{"@type":"WebSite","@id":"https:\/\/www.marinastavoren.nl\/de\/#website","url":"https:\/\/www.marinastavoren.nl\/de\/","name":"Marina Stavoren","description":"Willkommen im Ferienpark der Marina Stavoren","publisher":{"@id":"https:\/\/www.marinastavoren.nl\/de\/#organization"},"potentialAction":[{"@type":"SearchAction","target":{"@type":"EntryPoint","urlTemplate":"https:\/\/www.marinastavoren.nl\/de\/?s={search_term_string}"},"query-input":{"@type":"PropertyValueSpecification","valueRequired":true,"valueName":"search_term_string"}}],"inLanguage":"de"},{"@type":"Organization","@id":"https:\/\/www.marinastavoren.nl\/de\/#organization","name":"Marina Stavoren","url":"https:\/\/www.marinastavoren.nl\/de\/","logo":{"@type":"ImageObject","inLanguage":"de","@id":"https:\/\/www.marinastavoren.nl\/de\/#\/schema\/logo\/image\/","url":"https:\/\/www.marinastavoren.nl\/wp-content\/uploads\/2022\/12\/logo-marina-stavoren-sticky.png","contentUrl":"https:\/\/www.marinastavoren.nl\/wp-content\/uploads\/2022\/12\/logo-marina-stavoren-sticky.png","width":277,"height":60,"caption":"Marina Stavoren"},"image":{"@id":"https:\/\/www.marinastavoren.nl\/de\/#\/schema\/logo\/image\/"},"sameAs":["https:\/\/www.facebook.com\/marina.stavoren","https:\/\/www.instagram.com\/marinastavoren\/"]}]}},"_links":{"self":[{"href":"https:\/\/www.marinastavoren.nl\/de\/wp-json\/wp\/v2\/pages\/1227","targetHints":{"allow":["GET"]}}],"collection":[{"href":"https:\/\/www.marinastavoren.nl\/de\/wp-json\/wp\/v2\/pages"}],"about":[{"href":"https:\/\/www.marinastavoren.nl\/de\/wp-json\/wp\/v2\/types\/page"}],"author":[{"embeddable":true,"href":"https:\/\/www.marinastavoren.nl\/de\/wp-json\/wp\/v2\/users\/1"}],"replies":[{"embeddable":true,"href":"https:\/\/www.marinastavoren.nl\/de\/wp-json\/wp\/v2\/comments?post=1227"}],"version-history":[{"count":17,"href":"https:\/\/www.marinastavoren.nl\/de\/wp-json\/wp\/v2\/pages\/1227\/revisions"}],"predecessor-version":[{"id":33066,"href":"https:\/\/www.marinastavoren.nl\/de\/wp-json\/wp\/v2\/pages\/1227\/revisions\/33066"}],"up":[{"embeddable":true,"href":"https:\/\/www.marinastavoren.nl\/de\/wp-json\/wp\/v2\/pages\/1140"}],"wp:attachment":[{"href":"https:\/\/www.marinastavoren.nl\/de\/wp-json\/wp\/v2\/media?parent=1227"}],"curies":[{"name":"wp","href":"https:\/\/api.w.org\/{rel}","templated":true}]}}